{"id":391,"date":"2023-10-23T16:26:28","date_gmt":"2023-10-23T16:26:28","guid":{"rendered":"https:\/\/agitation-study.com\/inicio\/"},"modified":"2024-01-24T19:02:51","modified_gmt":"2024-01-24T19:02:51","slug":"inicio","status":"publish","type":"page","link":"https:\/\/agitation-study.com\/es\/","title":{"rendered":"Inicio"},"content":{"rendered":"<p>[et_pb_section fb_built=\u00bb1&#8243; custom_padding_last_edited=\u00bbon|tablet\u00bb _builder_version=\u00bb4.23&#8243; _module_preset=\u00bbdefault\u00bb background_color=\u00bb#003F5A\u00bb use_background_color_gradient=\u00bbon\u00bb background_color_gradient_stops=\u00bbrgba(0,63,90,0.66) 100%|rgba(255,255,255,0) 100%\u00bb background_color_gradient_overlays_image=\u00bbon\u00bb background_image=\u00bbhttps:\/\/agitation-study.com\/wp-content\/uploads\/2023\/10\/Agitation_Dementia_Alzheimers_Suven_1.jpg\u00bb custom_padding=\u00bb8vw||4vw||false|false\u00bb custom_padding_tablet=\u00bb0vw||0vw||true|false\u00bb custom_padding_phone=\u00bb0vw||0vw||true|false\u00bb global_colors_info=\u00bb{}\u00bb][et_pb_row column_structure=\u00bb3_5,2_5&#8243; make_equal=\u00bbon\u00bb _builder_version=\u00bb4.23&#8243; _module_preset=\u00bbdefault\u00bb width=\u00bb100%\u00bb max_width=\u00bb100%\u00bb custom_css_main_element=\u00bbalign-items:center;\u00bb global_colors_info=\u00bb{}\u00bb][et_pb_column type=\u00bb3_5&#8243; _builder_version=\u00bb4.23&#8243; _module_preset=\u00bbdefault\u00bb custom_padding=\u00bb|||6vw|false|false\u00bb custom_padding_tablet=\u00bb|60px||60px|false|true\u00bb custom_padding_phone=\u00bb|60px||60px|false|true\u00bb custom_padding_last_edited=\u00bbon|tablet\u00bb global_colors_info=\u00bb{}\u00bb][et_pb_text _builder_version=\u00bb4.23&#8243; _module_preset=\u00bbdefault\u00bb text_text_color=\u00bb#FFFFFF\u00bb header_font=\u00bb||||||||\u00bb header_font_size=\u00bb48px\u00bb header_line_height=\u00bb1.05em\u00bb background_layout=\u00bbdark\u00bb max_width=\u00bb70%\u00bb max_width_tablet=\u00bb100%\u00bb max_width_phone=\u00bb100%\u00bb max_width_last_edited=\u00bbon|phone\u00bb custom_margin=\u00bb18vw||||false|false\u00bb custom_margin_tablet=\u00bb6vw|0vw|||false|false\u00bb custom_margin_phone=\u00bb|0vw|||false|false\u00bb custom_margin_last_edited=\u00bbon|desktop\u00bb animation_style=\u00bbfade\u00bb header_font_size_tablet=\u00bb32px\u00bb header_font_size_phone=\u00bb28px\u00bb header_font_size_last_edited=\u00bbon|phone\u00bb text_text_shadow_style=\u00bbpreset3&#8243; text_text_shadow_color=\u00bbrgba(0,0,0,0.85)\u00bb global_colors_info=\u00bb{}\u00bb]<\/p>\n<h1>Los cambios conductuales son algunos de los s\u00edntomas m\u00e1s dif\u00edciles de afrontar de la enfermedad de Alzheimer.<\/h1>\n<p>[\/et_pb_text][\/et_pb_column][et_pb_column type=\u00bb2_5&#8243; _builder_version=\u00bb4.22.2&#8243; _module_preset=\u00bbdefault\u00bb global_colors_info=\u00bb{}\u00bb][et_pb_image src=\u00bbhttps:\/\/agitation-study.com\/wp-content\/uploads\/2023\/10\/Agitation_Dementia_Alzheimers_Suven_1a.png\u00bb title_text=\u00bbAgitaci\u00f3n_Demencia_Enfermedad de Alzheimer_Suven_1a\u00bb _builder_version=\u00bb4.23&#8243; _module_preset=\u00bbdefault\u00bb z_index=\u00bb999&#8243; max_width_tablet=\u00bb55%\u00bb max_width_phone=\u00bb60%\u00bb max_width_last_edited=\u00bbon|desktop\u00bb custom_margin=\u00bb||-60%||false|false\u00bb custom_margin_tablet=\u00bb||-30%||false|false\u00bb custom_margin_phone=\u00bb||-15%||false|false\u00bb custom_margin_last_edited=\u00bbon|desktop\u00bb animation_style=\u00bbfold\u00bb animation_direction=\u00bbright\u00bb module_alignment_tablet=\u00bbright\u00bb module_alignment_phone=\u00bbright\u00bb module_alignment_last_edited=\u00bbon|phone\u00bb global_colors_info=\u00bb{}\u00bb][\/et_pb_image][\/et_pb_column][\/et_pb_row][\/et_pb_section][et_pb_section fb_built=\u00bb1&#8243; custom_padding_last_edited=\u00bbon|desktop\u00bb _builder_version=\u00bb4.23&#8243; _module_preset=\u00bbdefault\u00bb background_color=\u00bb#003F5A\u00bb background_image=\u00bbhttps:\/\/agitation-study.com\/wp-content\/uploads\/2023\/10\/Agitation_Dementia_Alzheimers_Suven_Background3.png\u00bb parallax=\u00bbon\u00bb custom_padding=\u00bb30px||30px||true|false\u00bb custom_padding_tablet=\u00bb60px||60px||true|false\u00bb custom_padding_phone=\u00bb60px||60px||true|false\u00bb background_last_edited=\u00bbon|tablet\u00bb parallax_tablet=\u00bboff\u00bb background_position_tablet=\u00bbcenter_right\u00bb global_colors_info=\u00bb{}\u00bb][et_pb_row _builder_version=\u00bb4.23&#8243; _module_preset=\u00bbdefault\u00bb width=\u00bb85%\u00bb width_tablet=\u00bb85%\u00bb width_phone=\u00bb85%\u00bb width_last_edited=\u00bbon|tablet\u00bb max_width=\u00bb100%\u00bb max_width_tablet=\u00bb100%\u00bb max_width_phone=\u00bb100%\u00bb max_width_last_edited=\u00bbon|tablet\u00bb custom_padding=\u00bb2vw||2vw||true|false\u00bb global_colors_info=\u00bb{}\u00bb][et_pb_column type=\u00bb4_4&#8243; _builder_version=\u00bb4.22.2&#8243; _module_preset=\u00bbdefault\u00bb global_colors_info=\u00bb{}\u00bb][et_pb_text _builder_version=\u00bb4.23&#8243; _module_preset=\u00bbdefault\u00bb text_font=\u00bb||on||||||\u00bb text_text_color=\u00bb#FFFFFF\u00bb text_font_size=\u00bb22px\u00bb text_line_height=\u00bb1.4em\u00bb max_width=\u00bb60%\u00bb max_width_tablet=\u00bb40%\u00bb max_width_phone=\u00bb100%\u00bb max_width_last_edited=\u00bbon|phone\u00bb custom_padding=\u00bb2vw|2vw|2vw||true|false\u00bb text_font_size_tablet=\u00bb20px\u00bb text_font_size_phone=\u00bb18px\u00bb text_font_size_last_edited=\u00bbon|phone\u00bb text_text_shadow_style=\u00bbpreset3&#8243; global_colors_info=\u00bb{}\u00bb]<\/p>\n<p>Si usted o un ser querido experimentan agitaci\u00f3n asociada con la demencia de tipo Alzheimer, podr\u00eda ser adecuado participar en un estudio de investigaci\u00f3n cl\u00ednica.<\/p>\n<p>[\/et_pb_text][\/et_pb_column][\/et_pb_row][\/et_pb_section][et_pb_section fb_built=\u00bb1&#8243; _builder_version=\u00bb4.23&#8243; _module_preset=\u00bbdefault\u00bb background_color=\u00bb#FFFFFF\u00bb custom_padding=\u00bb20px||80px||false|false\u00bb top_divider_color=\u00bb#FFFFFF\u00bb top_divider_height=\u00bb0%\u00bb box_shadow_style=\u00bbpreset1&#8243; locked=\u00bboff\u00bb global_colors_info=\u00bb{}\u00bb background__hover_enabled=\u00bboff|desktop\u00bb][et_pb_row column_structure=\u00bb1_3,1_3,1_3&#8243; use_custom_gutter=\u00bbon\u00bb gutter_width=\u00bb4&#8243; module_class=\u00bbfeature-ctas\u00bb _builder_version=\u00bb4.23&#8243; _module_preset=\u00bbdefault\u00bb custom_padding=\u00bb2vw||2vw||true|false\u00bb global_colors_info=\u00bb{}\u00bb][et_pb_column type=\u00bb1_3&#8243; _builder_version=\u00bb4.23&#8243; _module_preset=\u00bbdefault\u00bb custom_padding=\u00bb||||false|false\u00bb global_colors_info=\u00bb{}\u00bb][et_pb_blurb title=\u00bbAcerca del estudio\u00bb image=\u00bbhttps:\/\/agitation-study.com\/wp-content\/uploads\/2023\/10\/Agitation_Dementia_Alzheimers_Suven_Icon1.png\u00bb image_icon_width=\u00bb100px\u00bb icon_alignment=\u00bbleft\u00bb content_max_width=\u00bb100%\u00bb _builder_version=\u00bb4.23&#8243; _module_preset=\u00bbdefault\u00bb header_font=\u00bbLato|700||on|||||\u00bb header_text_color=\u00bb#003F5A\u00bb header_font_size=\u00bb16px\u00bb header_letter_spacing=\u00bb1px\u00bb background_color=\u00bb#FFFFFF\u00bb image_icon_custom_margin=\u00bb||||false|false\u00bb image_icon_custom_padding=\u00bb||||false|false\u00bb z_index=\u00bb0&#8243; custom_margin=\u00bb||0px||false|false\u00bb custom_padding=\u00bb||||false|false\u00bb header_font_size_phone=\u00bb18px\u00bb header_font_size_last_edited=\u00bboff|tablet\u00bb custom_css_blurb_image=\u00bbmargin-bottom:0px;\u00bb custom_css_blurb_title=\u00bbborder-top:1px solid #007b7a;||padding-top:10px;\u00bb global_colors_info=\u00bb{}\u00bb]<\/p>\n<p>Los m\u00e9dicos est\u00e1n estudiando un tratamiento en fase de investigaci\u00f3n para la agitaci\u00f3n en participantes con enfermedad de Alzheimer.<\/p>\n<p>[\/et_pb_blurb][et_pb_button button_url=\u00bb#about\u00bb button_text=\u00bbM\u00e1s informaci\u00f3n\u00bb button_alignment=\u00bbleft\u00bb _builder_version=\u00bb4.23&#8243; _module_preset=\u00bbdefault\u00bb custom_button=\u00bbon\u00bb button_text_size=\u00bb18px\u00bb button_text_color=\u00bb#007B7A\u00bb button_bg_color=\u00bbRGBA(255,255,255,0)\u00bb button_border_width=\u00bb0px\u00bb button_border_color=\u00bb#FFFFFF\u00bb button_font=\u00bbSpectral|600|on||||||\u00bb button_icon=\u00bb&#x24;||divi||400&#8243; button_icon_color=\u00bb#FEA02F\u00bb custom_margin=\u00bb||||false|false\u00bb custom_padding=\u00bb|0px||0px|false|true\u00bb global_colors_info=\u00bb{}\u00bb button_text_color__hover_enabled=\u00bbon|desktop\u00bb button_text_color__hover=\u00bb#003F5A\u00bb button_bg_color__hover_enabled=\u00bbon|hover\u00bb button_bg_color__hover=\u00bbRGBA(255,255,255,0)\u00bb button_bg_enable_color__hover=\u00bbon\u00bb button_border_color__hover_enabled=\u00bbon|hover\u00bb button_border_color__hover=\u00bb#FFFFFF\u00bb][\/et_pb_button][\/et_pb_column][et_pb_column type=\u00bb1_3&#8243; _builder_version=\u00bb4.23&#8243; _module_preset=\u00bbdefault\u00bb custom_padding=\u00bb||0px||false|false\u00bb global_colors_info=\u00bb{}\u00bb][et_pb_blurb title=\u00bbRequisitos de elegibilidad\u00bb image=\u00bbhttps:\/\/agitation-study.com\/wp-content\/uploads\/2023\/10\/Agitation_Dementia_Alzheimers_Suven_Icon2.png\u00bb image_icon_width=\u00bb100px\u00bb icon_alignment=\u00bbleft\u00bb content_max_width=\u00bb100%\u00bb _builder_version=\u00bb4.23&#8243; _module_preset=\u00bbdefault\u00bb header_font=\u00bbLato|700||on|||||\u00bb header_text_color=\u00bb#003F5A\u00bb header_font_size=\u00bb16px\u00bb header_letter_spacing=\u00bb1px\u00bb background_color=\u00bb#FFFFFF\u00bb image_icon_custom_margin=\u00bb||||false|false\u00bb image_icon_custom_padding=\u00bb||||false|false\u00bb z_index=\u00bb0&#8243; custom_margin=\u00bb||0px||false|false\u00bb custom_padding=\u00bb||||false|false\u00bb header_font_size_tablet=\u00bb19px\u00bb header_font_size_phone=\u00bb18px\u00bb header_font_size_last_edited=\u00bboff|desktop\u00bb custom_css_blurb_image=\u00bbmargin-bottom:0px;\u00bb custom_css_blurb_title=\u00bbborder-top:1px solid #007b7a;||padding-top:10px;\u00bb global_colors_info=\u00bb{}\u00bb]<\/p>\n<p>\u00bfUsted o un ser querido mayor de 50\u00a0a\u00f1os presentan agitaci\u00f3n asociada con la enfermedad de Alzheimer?<\/p>\n<p>[\/et_pb_blurb][et_pb_button button_url=\u00bb#eligibility\u00bb button_text=\u00bbCompruebe si es elegible\u00bb button_alignment=\u00bbleft\u00bb _builder_version=\u00bb4.23&#8243; _module_preset=\u00bbdefault\u00bb custom_button=\u00bbon\u00bb button_text_size=\u00bb18px\u00bb button_text_color=\u00bb#007B7A\u00bb button_bg_color=\u00bbRGBA(255,255,255,0)\u00bb button_border_width=\u00bb0px\u00bb button_border_color=\u00bb#FFFFFF\u00bb button_font=\u00bbSpectral|600|on||||||\u00bb button_icon=\u00bb&#x24;||divi||400&#8243; button_icon_color=\u00bb#FEA02F\u00bb custom_margin=\u00bb||||false|false\u00bb custom_padding=\u00bb|0px||0px|false|true\u00bb global_colors_info=\u00bb{}\u00bb button_text_color__hover_enabled=\u00bbon|desktop\u00bb button_text_color__hover=\u00bb#003F5A\u00bb button_bg_color__hover_enabled=\u00bbon|hover\u00bb button_bg_color__hover=\u00bbRGBA(255,255,255,0)\u00bb button_bg_enable_color__hover=\u00bbon\u00bb button_border_color__hover_enabled=\u00bbon|hover\u00bb button_border_color__hover=\u00bb#FFFFFF\u00bb][\/et_pb_button][\/et_pb_column][et_pb_column type=\u00bb1_3&#8243; _builder_version=\u00bb4.23&#8243; _module_preset=\u00bbdefault\u00bb custom_padding=\u00bb||0px||false|false\u00bb global_colors_info=\u00bb{}\u00bb][et_pb_blurb title=\u00bbCentros participantes\u00bb image=\u00bbhttps:\/\/agitation-study.com\/wp-content\/uploads\/2023\/10\/Agitation_Dementia_Alzheimers_Suven_Icon3.png\u00bb image_icon_width=\u00bb100px\u00bb icon_alignment=\u00bbleft\u00bb content_max_width=\u00bb100%\u00bb _builder_version=\u00bb4.23&#8243; _module_preset=\u00bbdefault\u00bb header_font=\u00bbLato|700||on|||||\u00bb header_text_color=\u00bb#003F5A\u00bb header_font_size=\u00bb16px\u00bb header_letter_spacing=\u00bb1px\u00bb background_color=\u00bb#FFFFFF\u00bb image_icon_custom_margin=\u00bb||||false|false\u00bb image_icon_custom_padding=\u00bb||||false|false\u00bb z_index=\u00bb0&#8243; custom_margin=\u00bb||0px||false|false\u00bb custom_padding=\u00bb||||false|false\u00bb header_font_size_tablet=\u00bb19px\u00bb header_font_size_phone=\u00bb18px\u00bb header_font_size_last_edited=\u00bboff|desktop\u00bb custom_css_blurb_image=\u00bbmargin-bottom:0px;\u00bb custom_css_blurb_title=\u00bbborder-top:1px solid #007b7a;||padding-top:10px;\u00bb global_colors_info=\u00bb{}\u00bb]<\/p>\n<p>Este estudio de investigaci\u00f3n cl\u00ednica se realizar\u00e1 en centros de todo el mundo. Busque un centro del estudio participante cerca de usted.<\/p>\n<p>[\/et_pb_blurb][et_pb_button button_url=\u00bb#locations\u00bb button_text=\u00bbVer ubicaciones\u00bb button_alignment=\u00bbleft\u00bb _builder_version=\u00bb4.23&#8243; _module_preset=\u00bbdefault\u00bb custom_button=\u00bbon\u00bb button_text_size=\u00bb18px\u00bb button_text_color=\u00bb#007B7A\u00bb button_bg_color=\u00bbRGBA(255,255,255,0)\u00bb button_border_width=\u00bb0px\u00bb button_border_color=\u00bb#FFFFFF\u00bb button_font=\u00bbSpectral|600|on||||||\u00bb button_icon=\u00bb&#x24;||divi||400&#8243; button_icon_color=\u00bb#FEA02F\u00bb custom_margin=\u00bb||||false|false\u00bb custom_padding=\u00bb|0px||0px|false|true\u00bb global_colors_info=\u00bb{}\u00bb button_text_color__hover_enabled=\u00bbon|desktop\u00bb button_text_color__hover=\u00bb#003F5A\u00bb button_bg_color__hover_enabled=\u00bbon|hover\u00bb button_bg_color__hover=\u00bbRGBA(255,255,255,0)\u00bb button_bg_enable_color__hover=\u00bbon\u00bb button_border_color__hover_enabled=\u00bbon|hover\u00bb button_border_color__hover=\u00bb#FFFFFF\u00bb][\/et_pb_button][\/et_pb_column][\/et_pb_row][\/et_pb_section][et_pb_section fb_built=\u00bb1&#8243; custom_padding_last_edited=\u00bbon|tablet\u00bb module_id=\u00bbeligibility\u00bb _builder_version=\u00bb4.23&#8243; _module_preset=\u00bbdefault\u00bb background_color=\u00bb#003F5A\u00bb custom_padding=\u00bb0px||0px||true|false\u00bb custom_padding_tablet=\u00bb||30px||false|false\u00bb custom_padding_phone=\u00bb||30px||false|false\u00bb global_colors_info=\u00bb{}\u00bb][et_pb_row column_structure=\u00bb1_2,1_2&#8243; use_custom_gutter=\u00bbon\u00bb gutter_width=\u00bb1&#8243; make_equal=\u00bbon\u00bb module_id=\u00bbpdg-clm\u00bb _builder_version=\u00bb4.23&#8243; _module_preset=\u00bbdefault\u00bb background_image=\u00bbhttps:\/\/agitation-study.com\/wp-content\/uploads\/2023\/10\/Agitation_Dementia_Alzheimers_Suven_Background1.png\u00bb parallax=\u00bbon\u00bb width=\u00bb100%\u00bb max_width=\u00bb100%\u00bb custom_padding=\u00bb0px||0px||true|false\u00bb global_colors_info=\u00bb{}\u00bb][et_pb_column type=\u00bb1_2&#8243; _builder_version=\u00bb4.23&#8243; _module_preset=\u00bbdefault\u00bb global_colors_info=\u00bb{}\u00bb][et_pb_divider show_divider=\u00bboff\u00bb _builder_version=\u00bb4.23&#8243; _module_preset=\u00bbdefault\u00bb background_image=\u00bbhttps:\/\/agitation-study.com\/wp-content\/uploads\/2023\/10\/Agitation_Dementia_Alzheimers_Suven_2.jpg\u00bb min_height=\u00bb100%\u00bb min_height_tablet=\u00bb400px\u00bb min_height_phone=\u00bb300px\u00bb min_height_last_edited=\u00bbon|phone\u00bb global_colors_info=\u00bb{}\u00bb][\/et_pb_divider][\/et_pb_column][et_pb_column type=\u00bb1_2&#8243; _builder_version=\u00bb4.23&#8243; _module_preset=\u00bbdefault\u00bb background_color=\u00bb#FFFFFF\u00bb custom_padding=\u00bb40px|40px|40px|40px|true|true\u00bb custom_css_main_element=\u00bbmargin-top:8vw;||margin-bottom:8vw;||margin-left:-8vw;\u00bb border_radii=\u00bbon|30px|30px|30px|30px\u00bb box_shadow_style=\u00bbpreset1&#8243; global_colors_info=\u00bb{}\u00bb custom_css_main_element_last_edited=\u00bbon|phone\u00bb custom_css_main_element_tablet=\u00bbmargin:40px 0px 15px 0px!important;\u00bb custom_css_main_element_phone=\u00bbmargin:40px 0px 15px 0px!important;\u00bb][et_pb_text _builder_version=\u00bb4.23&#8243; _module_preset=\u00bbdefault\u00bb header_2_font=\u00bb|700|on||||||\u00bb header_2_text_color=\u00bb#007B7A\u00bb custom_margin=\u00bb||8px||false|false\u00bb border_width_bottom=\u00bb1px\u00bb border_color_bottom=\u00bb#CCDEEF\u00bb global_colors_info=\u00bb{}\u00bb]<\/p>\n<h2>\u00bfQui\u00e9n es elegible para participar en este estudio de investigaci\u00f3n cl\u00ednica?<\/h2>\n<p>[\/et_pb_text][et_pb_text _builder_version=\u00bb4.23&#8243; _module_preset=\u00bbdefault\u00bb text_font=\u00bb|600||on|||||\u00bb text_text_color=\u00bb#003F5A\u00bb text_letter_spacing=\u00bb1px\u00bb header_2_font=\u00bb|700|on||||||\u00bb header_2_text_color=\u00bb#007B7A\u00bb custom_margin=\u00bb||10px||false|false\u00bb global_colors_info=\u00bb{}\u00bb]<\/p>\n<p>Para participar, usted o un ser querido deben cumplir con los siguientes criterios:<\/p>\n<p>[\/et_pb_text][et_pb_blurb image=\u00bbhttps:\/\/agitation-study.com\/wp-content\/uploads\/2023\/10\/Agitation_Dementia_Alzheimers_Suven_Icon10.png\u00bb icon_placement=\u00bbleft\u00bb _builder_version=\u00bb4.23&#8243; _module_preset=\u00bbdefault\u00bb custom_margin=\u00bb||8px||false|false\u00bb global_colors_info=\u00bb{}\u00bb]<\/p>\n<p>ser mayor de 50\u00a0a\u00f1os,<\/p>\n<p>[\/et_pb_blurb][et_pb_blurb image=\u00bbhttps:\/\/agitation-study.com\/wp-content\/uploads\/2023\/10\/Agitation_Dementia_Alzheimers_Suven_Icon10.png\u00bb icon_placement=\u00bbleft\u00bb _builder_version=\u00bb4.23&#8243; _module_preset=\u00bbdefault\u00bb custom_margin=\u00bb||8px||false|false\u00bb global_colors_info=\u00bb{}\u00bb]<\/p>\n<p>haber recibido un diagn\u00f3stico de enfermedad de Alzheimer,<\/p>\n<p>[\/et_pb_blurb][et_pb_blurb image=\u00bbhttps:\/\/agitation-study.com\/wp-content\/uploads\/2023\/10\/Agitation_Dementia_Alzheimers_Suven_Icon10.png\u00bb icon_placement=\u00bbleft\u00bb _builder_version=\u00bb4.23&#8243; _module_preset=\u00bbdefault\u00bb custom_margin=\u00bb||8px||false|false\u00bb global_colors_info=\u00bb{}\u00bb]tener agitaci\u00f3n asociada con la enfermedad de Alzheimer,\u202f[\/et_pb_blurb][et_pb_blurb image=\u00bbhttps:\/\/agitation-study.com\/wp-content\/uploads\/2023\/10\/Agitation_Dementia_Alzheimers_Suven_Icon10.png\u00bb icon_placement=\u00bbleft\u00bb _builder_version=\u00bb4.23&#8243; _module_preset=\u00bbdefault\u00bb custom_margin=\u00bb||8px||false|false\u00bb global_colors_info=\u00bb{}\u00bb]tener un cuidador o acompa\u00f1ante del estudio dispuesto a acudir a todas las visitas del estudio.\u202f [\/et_pb_blurb][et_pb_text _builder_version=\u00bb4.23&#8243; _module_preset=\u00bbdefault\u00bb custom_margin=\u00bb20px||||false|false\u00bb global_colors_info=\u00bb{}\u00bb]<em>Existen requisitos adicionales para participar en el estudio de investigaci\u00f3n cl\u00ednica. Un representante del estudio los analizar\u00e1 con usted.<\/em>[\/et_pb_text][\/et_pb_column][\/et_pb_row][\/et_pb_section][et_pb_section fb_built=\u00bb1&#8243; _builder_version=\u00bb4.23&#8243; _module_preset=\u00bbdefault\u00bb background_color=\u00bb#FFFFFF\u00bb background_enable_image=\u00bboff\u00bb parallax=\u00bbon\u00bb box_shadow_style=\u00bbpreset1&#8243; global_colors_info=\u00bb{}\u00bb][et_pb_row column_structure=\u00bb1_2,1_2&#8243; use_custom_gutter=\u00bbon\u00bb gutter_width=\u00bb4&#8243; _builder_version=\u00bb4.23&#8243; _module_preset=\u00bbdefault\u00bb global_colors_info=\u00bb{}\u00bb][et_pb_column type=\u00bb1_2&#8243; _builder_version=\u00bb4.23&#8243; _module_preset=\u00bbdefault\u00bb custom_padding=\u00bb|4vw|||false|false\u00bb custom_padding_tablet=\u00bb|0vw|||false|false\u00bb custom_padding_phone=\u00bb|0vw|||false|false\u00bb custom_padding_last_edited=\u00bbon|tablet\u00bb global_colors_info=\u00bb{}\u00bb][et_pb_text _builder_version=\u00bb4.23&#8243; _module_preset=\u00bbdefault\u00bb header_2_font=\u00bb|700|on||||||\u00bb header_2_text_color=\u00bb#007B7A\u00bb custom_margin=\u00bb||8px||false|false\u00bb border_width_bottom=\u00bb1px\u00bb border_color_bottom=\u00bb#CCDEEF\u00bb global_colors_info=\u00bb{}\u00bb]<\/p>\n<h2>La agitaci\u00f3n y la enfermedad de Alzheimer<\/h2>\n<p>[\/et_pb_text][et_pb_text _builder_version=\u00bb4.23&#8243; _module_preset=\u00bbdefault\u00bb text_font=\u00bb|600||on|||||\u00bb text_text_color=\u00bb#003F5A\u00bb text_letter_spacing=\u00bb1px\u00bb header_2_font=\u00bb|700|on||||||\u00bb header_2_text_color=\u00bb#007B7A\u00bb custom_margin=\u00bb||10px||false|false\u00bb global_colors_info=\u00bb{}\u00bb]<\/p>\n<p>\u00bfQu\u00e9 es la agitaci\u00f3n asociada con la demencia de tipo Alzheimer?<\/p>\n<p>[\/et_pb_text][et_pb_text _builder_version=\u00bb4.23&#8243; _module_preset=\u00bbdefault\u00bb global_colors_info=\u00bb{}\u00bb]<\/p>\n<p>La enfermedad de Alzheimer es una enfermedad progresiva que destruye lentamente las c\u00e9lulas nerviosas del cerebro, lo que afecta la memoria y los procesos del pensamiento y causa un deterioro continuo en la realizaci\u00f3n de las actividades diarias. Se caracteriza por s\u00edntomas psiqui\u00e1tricos, conductuales o no\u00a0cognitivos, que se presentan en el 90% de las personas con demencia.<\/p>\n<p>La agitaci\u00f3n es una afecci\u00f3n conductual que pueden tener las personas con cualquier tipo de demencia. En las personas con el tipo de demencia causada por la enfermedad de Alzheimer, la agitaci\u00f3n es bastante frecuente, ya que m\u00e1s de la mitad de los pacientes la presentan.<sup>1<\/sup><\/p>\n<p>[\/et_pb_text][\/et_pb_column][et_pb_column type=\u00bb1_2&#8243; _builder_version=\u00bb4.23&#8243; _module_preset=\u00bbdefault\u00bb global_colors_info=\u00bb{}\u00bb][et_pb_text _builder_version=\u00bb4.23&#8243; _module_preset=\u00bbdefault\u00bb custom_margin=\u00bb||0px||false|false\u00bb global_colors_info=\u00bb{}\u00bb]<\/p>\n<h3>Entre los s\u00edntomas m\u00e1s frecuentes de agitaci\u00f3n se pueden incluir:<\/h3>\n<p>[\/et_pb_text][et_pb_blurb image=\u00bbhttps:\/\/agitation-study.com\/wp-content\/uploads\/2023\/10\/Agitation_Dementia_Alzheimers_Suven_Icon12.png\u00bb icon_placement=\u00bbleft\u00bb _builder_version=\u00bb4.23&#8243; _module_preset=\u00bbdefault\u00bb custom_margin=\u00bb||8px||false|false\u00bb locked=\u00bboff\u00bb global_colors_info=\u00bb{}\u00bb]<\/p>\n<p>inquietud<\/p>\n<p>[\/et_pb_blurb][et_pb_blurb image=\u00bbhttps:\/\/agitation-study.com\/wp-content\/uploads\/2023\/10\/Agitation_Dementia_Alzheimers_Suven_Icon13.png\u00bb icon_placement=\u00bbleft\u00bb _builder_version=\u00bb4.23&#8243; _module_preset=\u00bbdefault\u00bb custom_margin=\u00bb||8px||false|false\u00bb locked=\u00bboff\u00bb global_colors_info=\u00bb{}\u00bb]agresi\u00f3n verbal o f\u00edsica[\/et_pb_blurb][et_pb_blurb image=\u00bbhttps:\/\/agitation-study.com\/wp-content\/uploads\/2023\/10\/Agitation_Dementia_Alzheimers_Suven_Icon14.png\u00bb icon_placement=\u00bbleft\u00bb _builder_version=\u00bb4.23&#8243; _module_preset=\u00bbdefault\u00bb custom_margin=\u00bb||8px||false|false\u00bb locked=\u00bboff\u00bb global_colors_info=\u00bb{}\u00bb]<\/p>\n<p>sufrimiento emocional<\/p>\n<p>[\/et_pb_blurb][et_pb_blurb image=\u00bbhttps:\/\/agitation-study.com\/wp-content\/uploads\/2023\/10\/Agitation_Dementia_Alzheimers_Suven_Icon15.png\u00bb icon_placement=\u00bbleft\u00bb _builder_version=\u00bb4.23&#8243; _module_preset=\u00bbdefault\u00bb custom_margin=\u00bb||8px||false|false\u00bb locked=\u00bboff\u00bb global_colors_info=\u00bb{}\u00bb]irritabilidad[\/et_pb_blurb][et_pb_blurb image=\u00bbhttps:\/\/agitation-study.com\/wp-content\/uploads\/2023\/10\/Agitation_Dementia_Alzheimers_Suven_Icon20.png\u00bb icon_placement=\u00bbleft\u00bb _builder_version=\u00bb4.23&#8243; _module_preset=\u00bbdefault\u00bb custom_margin=\u00bb||8px||false|false\u00bb locked=\u00bboff\u00bb global_colors_info=\u00bb{}\u00bb]vagabundear[\/et_pb_blurb][et_pb_text _builder_version=\u00bb4.23&#8243; _module_preset=\u00bbdefault\u00bb custom_margin=\u00bb||20px||false|false\u00bb global_colors_info=\u00bb{}\u00bb]Las personas con agitaci\u00f3n asociada con la enfermedad de Alzheimer tambi\u00e9n pueden angustiarse f\u00e1cilmente, resistirse a recibir ayuda, parecer poco colaboradoras y actuar de una manera testaruda o disruptiva, lo que puede ser muy angustiante para las familias.[\/et_pb_text][et_pb_text _builder_version=\u00bb4.23&#8243; _module_preset=\u00bbdefault\u00bb text_font=\u00bb||on||||||\u00bb text_font_size=\u00bb11px\u00bb text_text_shadow_style=\u00bbpreset3&#8243; text_text_shadow_color=\u00bbRGBA(255,255,255,0)\u00bb global_colors_info=\u00bb{}\u00bb]<\/p>\n<p><sup>1<\/sup>Jones E, Aigbogun MS, Pike J, Berry M, Houle CR, Husbands J. Agitation in Dementia: Real-World Impact and Burden on Patients and the Healthcare System. J Alzheimers Dis. 2021;83(1):89-101. doi: 10.3233\/JAD-210105. PMID: 34250934; PMCID: PMC8461728<\/p>\n<p>[\/et_pb_text][\/et_pb_column][\/et_pb_row][\/et_pb_section][et_pb_section fb_built=\u00bb1&#8243; module_id=\u00bbabout\u00bb _builder_version=\u00bb4.23&#8243; _module_preset=\u00bbdefault\u00bb background_color=\u00bb#007B7A\u00bb custom_padding=\u00bb0px||0px||true|false\u00bb locked=\u00bboff\u00bb global_colors_info=\u00bb{}\u00bb][et_pb_row column_structure=\u00bb1_2,1_2&#8243; use_custom_gutter=\u00bbon\u00bb gutter_width=\u00bb1&#8243; make_equal=\u00bbon\u00bb module_id=\u00bbeligibility\u00bb module_class=\u00bbcustom_row\u00bb _builder_version=\u00bb4.23&#8243; _module_preset=\u00bbdefault\u00bb background_color=\u00bb#007B7A\u00bb width=\u00bb100%\u00bb max_width=\u00bb100%\u00bb custom_padding=\u00bb0px||0px||true|false\u00bb global_colors_info=\u00bb{}\u00bb][et_pb_column type=\u00bb1_2&#8243; module_class=\u00bbsecond-on-mobile\u00bb _builder_version=\u00bb4.23&#8243; _module_preset=\u00bbdefault\u00bb background_image=\u00bbhttps:\/\/agitation-study.com\/wp-content\/uploads\/2023\/10\/Agitation_Dementia_Alzheimers_Suven_Background2.png\u00bb parallax=\u00bbon\u00bb custom_padding=\u00bb10vw|6vw|13vw|6vw|false|true\u00bb custom_padding_tablet=\u00bb60px|60px|120px|60px|false|true\u00bb custom_padding_phone=\u00bb|10vw||10vw|true|true\u00bb custom_padding_last_edited=\u00bbon|desktop\u00bb global_colors_info=\u00bb{}\u00bb][et_pb_image src=\u00bbhttps:\/\/agitation-study.com\/wp-content\/uploads\/2023\/10\/Agitation_Dementia_Alzheimers_Suven_Icon27.png\u00bb title_text=\u00bbAgitaci\u00f3n_Demencia_Enfermedad de Alzheimer_Suven_Icon27&#8243; _builder_version=\u00bb4.23&#8243; _module_preset=\u00bbdefault\u00bb max_width=\u00bb65px\u00bb module_alignment=\u00bbleft\u00bb custom_margin=\u00bb||25px||false|false\u00bb global_colors_info=\u00bb{}\u00bb][\/et_pb_image][et_pb_text _builder_version=\u00bb4.23&#8243; _module_preset=\u00bbdefault\u00bb header_2_font=\u00bb|700|on||||||\u00bb header_2_text_color=\u00bb#FFFFFF\u00bb custom_margin=\u00bb||8px||false|false\u00bb text_text_shadow_style=\u00bbpreset3&#8243; border_width_bottom=\u00bb1px\u00bb border_color_bottom=\u00bb#FEA02F\u00bb locked=\u00bboff\u00bb global_colors_info=\u00bb{}\u00bb]<\/p>\n<h2>Informaci\u00f3n sobre el estudio de investigaci\u00f3n cl\u00ednica<\/h2>\n<p>[\/et_pb_text][et_pb_text _builder_version=\u00bb4.23.1&#8243; _module_preset=\u00bbdefault\u00bb background_layout=\u00bbdark\u00bb text_text_shadow_style=\u00bbpreset3&#8243; global_colors_info=\u00bb{}\u00bb]Este estudio de investigaci\u00f3n cl\u00ednica eval\u00faa un medicamento en fase de investigaci\u00f3n, Masupirdine (SUVN-502), en adultos mayores de 50\u00a0a\u00f1os que presentan agitaci\u00f3n asociada con la demencia de tipo Alzheimer.[\/et_pb_text][\/et_pb_column][et_pb_column type=\u00bb1_2&#8243; module_class=\u00bbfirst-on-mobile\u00bb _builder_version=\u00bb4.23&#8243; _module_preset=\u00bbdefault\u00bb background_enable_image=\u00bboff\u00bb global_colors_info=\u00bb{}\u00bb][et_pb_divider show_divider=\u00bboff\u00bb _builder_version=\u00bb4.23&#8243; _module_preset=\u00bbdefault\u00bb background_image=\u00bbhttps:\/\/agitation-study.com\/wp-content\/uploads\/2023\/10\/Agitation_Dementia_Alzheimers_Suven_8.jpg\u00bb min_height=\u00bb100%\u00bb min_height_tablet=\u00bb450px\u00bb min_height_phone=\u00bb275px\u00bb min_height_last_edited=\u00bbon|phone\u00bb global_colors_info=\u00bb{}\u00bb][\/et_pb_divider][\/et_pb_column][\/et_pb_row][\/et_pb_section][et_pb_section fb_built=\u00bb1&#8243; _builder_version=\u00bb4.23&#8243; _module_preset=\u00bbdefault\u00bb custom_padding=\u00bb0px||60px||false|false\u00bb box_shadow_style=\u00bbpreset1&#8243; global_colors_info=\u00bb{}\u00bb][et_pb_row _builder_version=\u00bb4.23&#8243; _module_preset=\u00bbdefault\u00bb custom_padding=\u00bb0px||0px||true|false\u00bb global_colors_info=\u00bb{}\u00bb][et_pb_column type=\u00bb4_4&#8243; _builder_version=\u00bb4.23&#8243; _module_preset=\u00bbdefault\u00bb global_colors_info=\u00bb{}\u00bb][et_pb_text _builder_version=\u00bb4.23.1&#8243; _module_preset=\u00bbdefault\u00bb text_font=\u00bb|700|||||||\u00bb text_text_color=\u00bb#003F5A\u00bb background_color=\u00bb#f7f0e9&#8243; transform_translate=\u00bb0px|-70px\u00bb transform_translate_linked=\u00bboff\u00bb text_orientation=\u00bbcenter\u00bb max_width=\u00bb700px\u00bb module_alignment=\u00bbcenter\u00bb custom_margin=\u00bb0px||||false|false\u00bb custom_padding=\u00bb30px|40px|30px|40px|true|true\u00bb border_radii=\u00bbon|30px|30px|30px|30px\u00bb box_shadow_style=\u00bbpreset1&#8243; global_colors_info=\u00bb{}\u00bb]El prop\u00f3sito de este estudio de investigaci\u00f3n cl\u00ednica es evaluar la eficacia del Masupirdine (SUVN-502) para tratar la agitaci\u00f3n asociada con la demencia de tipo Alzheimer, obtener informaci\u00f3n sobre la seguridad del medicamento del estudio y observar si usted o un ser querido toleran bien una dosis por v\u00eda oral una vez al d\u00eda.[\/et_pb_text][\/et_pb_column][\/et_pb_row][et_pb_row column_structure=\u00bb2_5,3_5&#8243; make_equal=\u00bbon\u00bb _builder_version=\u00bb4.23&#8243; _module_preset=\u00bbdefault\u00bb custom_padding=\u00bb0px||2vw||false|false\u00bb custom_css_main_element=\u00bbalign-items:center;\u00bb global_colors_info=\u00bb{}\u00bb][et_pb_column type=\u00bb2_5&#8243; _builder_version=\u00bb4.23&#8243; _module_preset=\u00bbdefault\u00bb global_colors_info=\u00bb{}\u00bb][et_pb_image src=\u00bbhttps:\/\/agitation-study.com\/wp-content\/uploads\/2023\/10\/Agitation_Dementia_Alzheimers_Suven_2-1.png\u00bb title_text=\u00bbAgitaci\u00f3n_Demencia_Enfermedad de Alzheimer_Suven_2&#8243; _builder_version=\u00bb4.23&#8243; _module_preset=\u00bbdefault\u00bb z_index=\u00bb99&#8243; max_width_tablet=\u00bb\u00bb max_width_phone=\u00bb\u00bb max_width_last_edited=\u00bbon|phone\u00bb custom_margin=\u00bb||-200px|-12vw|false|false\u00bb custom_margin_tablet=\u00bb-50px||0px|0vw|false|false\u00bb custom_margin_phone=\u00bb-50px||0px|0vw|false|false\u00bb custom_margin_last_edited=\u00bbon|tablet\u00bb animation_style=\u00bbfold\u00bb animation_direction=\u00bbleft\u00bb global_colors_info=\u00bb{}\u00bb][\/et_pb_image][\/et_pb_column][et_pb_column type=\u00bb3_5&#8243; _builder_version=\u00bb4.23&#8243; _module_preset=\u00bbdefault\u00bb global_colors_info=\u00bb{}\u00bb][et_pb_image src=\u00bbhttps:\/\/agitation-study.com\/wp-content\/uploads\/2023\/10\/Agitation_Dementia_Alzheimers_Suven_Icon5.png\u00bb title_text=\u00bbAgitaci\u00f3n_Demencia_Enfermedad de Alzheimer_Suven_Icon5&#8243; _builder_version=\u00bb4.23&#8243; _module_preset=\u00bbdefault\u00bb max_width=\u00bb65px\u00bb module_alignment=\u00bbleft\u00bb global_colors_info=\u00bb{}\u00bb][\/et_pb_image][et_pb_text _builder_version=\u00bb4.23.1&#8243; _module_preset=\u00bbdefault\u00bb header_2_font=\u00bb|700|on||||||\u00bb header_2_text_color=\u00bb#007B7A\u00bb custom_margin=\u00bb||8px||false|false\u00bb border_width_bottom=\u00bb1px\u00bb border_color_bottom=\u00bb#CCDEEF\u00bb locked=\u00bboff\u00bb global_colors_info=\u00bb{}\u00bb]<\/p>\n<h2>Informaci\u00f3n sobre el medicamento del estudio Masupirdine (SUVN-502)<\/h2>\n<p>[\/et_pb_text][et_pb_text _builder_version=\u00bb4.23.1&#8243; _module_preset=\u00bbdefault\u00bb global_colors_info=\u00bb{}\u00bb]Se investiga el medicamento del estudio, Masupirdine (SUVN-502), para tratar la agitaci\u00f3n asociada con la demencia de tipo Alzheimer.<\/p>\n<p>El Masupirdine (SUVN-502) bloquea un tipo de receptor de la serotonina (receptor de serotonina del subtipo\u00a06 [receptor\u00a05-HT<sub>6<\/sub>]) que afecta las acciones de la dopamina y la norepinefrina en el cerebro. La dopamina y la norepinefrina son las sustancias en el cerebro que cumplen una funci\u00f3n en el control del estado de \u00e1nimo, el comportamiento y la agresi\u00f3n. En la enfermedad de Alzheimer, el cerebro ha alterado la actividad de estas sustancias.<\/p>\n<p>En este estudio de investigaci\u00f3n cl\u00ednica, los participantes tienen una probabilidad del 66.6% (2 de 3) de recibir Masupirdine (SUVN-502) en comparaci\u00f3n con el placebo, que no tiene ingredientes activos y se usa para comparar los efectos del medicamento del estudio.[\/et_pb_text][\/et_pb_column][\/et_pb_row][\/et_pb_section][et_pb_section fb_built=\u00bb1&#8243; custom_padding_last_edited=\u00bbon|tablet\u00bb _builder_version=\u00bb4.23&#8243; _module_preset=\u00bbdefault\u00bb background_color=\u00bb#003F5A\u00bb custom_padding=\u00bb0px||0px||true|false\u00bb custom_padding_tablet=\u00bb||30px||false|false\u00bb custom_padding_phone=\u00bb||30px||false|false\u00bb locked=\u00bboff\u00bb global_colors_info=\u00bb{}\u00bb][et_pb_row column_structure=\u00bb1_2,1_2&#8243; use_custom_gutter=\u00bbon\u00bb gutter_width=\u00bb1&#8243; make_equal=\u00bbon\u00bb module_id=\u00bbpdg-clm\u00bb _builder_version=\u00bb4.23&#8243; _module_preset=\u00bbdefault\u00bb background_image=\u00bbhttps:\/\/agitation-study.com\/wp-content\/uploads\/2023\/10\/Agitation_Dementia_Alzheimers_Suven_Background1.png\u00bb parallax=\u00bbon\u00bb width=\u00bb100%\u00bb max_width=\u00bb100%\u00bb custom_padding=\u00bb0px||0px||true|false\u00bb global_colors_info=\u00bb{}\u00bb][et_pb_column type=\u00bb1_2&#8243; _builder_version=\u00bb4.23&#8243; _module_preset=\u00bbdefault\u00bb global_colors_info=\u00bb{}\u00bb][et_pb_divider show_divider=\u00bboff\u00bb _builder_version=\u00bb4.23&#8243; _module_preset=\u00bbdefault\u00bb background_image=\u00bbhttps:\/\/agitation-study.com\/wp-content\/uploads\/2023\/10\/Agitation_Dementia_Alzheimers_Suven_5.jpg\u00bb min_height=\u00bb100%\u00bb min_height_tablet=\u00bb400px\u00bb min_height_phone=\u00bb300px\u00bb min_height_last_edited=\u00bbon|phone\u00bb global_colors_info=\u00bb{}\u00bb][\/et_pb_divider][\/et_pb_column][et_pb_column type=\u00bb1_2&#8243; _builder_version=\u00bb4.23&#8243; _module_preset=\u00bbdefault\u00bb background_color=\u00bb#FFFFFF\u00bb custom_padding=\u00bb40px|40px|40px|40px|true|true\u00bb custom_css_main_element=\u00bbmargin-top:8vw;||margin-bottom:8vw;||margin-left:-8vw;\u00bb border_radii=\u00bbon|30px|30px|30px|30px\u00bb box_shadow_style=\u00bbpreset1&#8243; global_colors_info=\u00bb{}\u00bb custom_css_main_element_last_edited=\u00bbon|phone\u00bb custom_css_main_element_tablet=\u00bbmargin:40px 0px 15px 0px!important;\u00bb custom_css_main_element_phone=\u00bbmargin:40px 0px 15px 0px!important;\u00bb][et_pb_text _builder_version=\u00bb4.23&#8243; _module_preset=\u00bbdefault\u00bb header_2_font=\u00bb|700|on||||||\u00bb header_2_text_color=\u00bb#007B7A\u00bb custom_margin=\u00bb||8px||false|false\u00bb border_width_bottom=\u00bb1px\u00bb border_color_bottom=\u00bb#CCDEEF\u00bb global_colors_info=\u00bb{}\u00bb]<\/p>\n<h2>Qu\u00e9 esperar durante el estudio de investigaci\u00f3n cl\u00ednica<\/h2>\n<p>[\/et_pb_text][et_pb_text _builder_version=\u00bb4.23&#8243; _module_preset=\u00bbdefault\u00bb custom_margin=\u00bb20px||||false|false\u00bb global_colors_info=\u00bb{}\u00bb]Se inscribir\u00e1n hasta 375\u00a0participantes de diferentes pa\u00edses en el estudio de investigaci\u00f3n cl\u00ednica.  <\/p>\n<p>Si usted o un ser querido participan en este estudio de investigaci\u00f3n cl\u00ednica, el participante debe contar con un cuidador que lo acompa\u00f1e a todas las visitas, lo ayude en la toma del medicamento del estudio y brinde su opini\u00f3n sobre su bienestar en cada visita.[\/et_pb_text][et_pb_text _builder_version=\u00bb4.23&#8243; _module_preset=\u00bbdefault\u00bb text_font=\u00bb|600||on|||||\u00bb text_text_color=\u00bb#003F5A\u00bb text_letter_spacing=\u00bb1px\u00bb header_2_font=\u00bb|700|on||||||\u00bb header_2_text_color=\u00bb#007B7A\u00bb custom_margin=\u00bb30px||10px||false|false\u00bb global_colors_info=\u00bb{}\u00bb]<\/p>\n<p>El cuidador puede ser un:<\/p>\n<p>[\/et_pb_text][et_pb_blurb image=\u00bbhttps:\/\/agitation-study.com\/wp-content\/uploads\/2023\/10\/Agitation_Dementia_Alzheimers_Suven_Icon23.png\u00bb icon_placement=\u00bbleft\u00bb _builder_version=\u00bb4.23&#8243; _module_preset=\u00bbdefault\u00bb custom_margin=\u00bb||8px||false|false\u00bb global_colors_info=\u00bb{}\u00bb]<\/p>\n<p>familiar<\/p>\n<p>[\/et_pb_blurb][et_pb_blurb image=\u00bbhttps:\/\/agitation-study.com\/wp-content\/uploads\/2023\/10\/Agitation_Dementia_Alzheimers_Suven_Icon24.png\u00bb icon_placement=\u00bbleft\u00bb _builder_version=\u00bb4.23&#8243; _module_preset=\u00bbdefault\u00bb custom_margin=\u00bb||8px||false|false\u00bb global_colors_info=\u00bb{}\u00bb]<\/p>\n<p>acompa\u00f1ante<\/p>\n<p>[\/et_pb_blurb][et_pb_blurb image=\u00bbhttps:\/\/agitation-study.com\/wp-content\/uploads\/2023\/10\/Agitation_Dementia_Alzheimers_Suven_Icon25.png\u00bb icon_placement=\u00bbleft\u00bb image_icon_width=\u00bb80%\u00bb _builder_version=\u00bb4.23&#8243; _module_preset=\u00bbdefault\u00bb custom_margin=\u00bb||8px||false|false\u00bb global_colors_info=\u00bb{}\u00bb]<\/p>\n<p>representante legalmente autorizado<\/p>\n<p>[\/et_pb_blurb][et_pb_blurb image=\u00bbhttps:\/\/agitation-study.com\/wp-content\/uploads\/2023\/10\/Agitation_Dementia_Alzheimers_Suven_Icon26.png\u00bb icon_placement=\u00bbleft\u00bb image_icon_width=\u00bb80%\u00bb _builder_version=\u00bb4.23&#8243; _module_preset=\u00bbdefault\u00bb custom_margin=\u00bb||8px||false|false\u00bb global_colors_info=\u00bb{}\u00bb]<\/p>\n<p>profesional de atenci\u00f3n m\u00e9dica<\/p>\n<p>[\/et_pb_blurb][\/et_pb_column][\/et_pb_row][\/et_pb_section][et_pb_section fb_built=\u00bb1&#8243; _builder_version=\u00bb4.23&#8243; _module_preset=\u00bbdefault\u00bb background_color=\u00bb#FFFFFF\u00bb custom_padding=\u00bb60px||60px||true|false\u00bb box_shadow_style=\u00bbpreset1&#8243; global_colors_info=\u00bb{}\u00bb][et_pb_row _builder_version=\u00bb4.23&#8243; _module_preset=\u00bbdefault\u00bb max_width=\u00bb850px\u00bb module_alignment=\u00bbcenter\u00bb custom_padding=\u00bb2vw||2vw||true|false\u00bb global_colors_info=\u00bb{}\u00bb][et_pb_column type=\u00bb4_4&#8243; _builder_version=\u00bb4.23&#8243; _module_preset=\u00bbdefault\u00bb global_colors_info=\u00bb{}\u00bb][et_pb_image src=\u00bbhttps:\/\/agitation-study.com\/wp-content\/uploads\/2023\/10\/Agitation_Dementia_Alzheimers_Suven_Icon11.png\u00bb title_text=\u00bbAgitaci\u00f3n_Demencia_Enfermedad de Alzheimer_Suven_Icon11&#8243; align=\u00bbcenter\u00bb _builder_version=\u00bb4.23&#8243; _module_preset=\u00bbdefault\u00bb max_width=\u00bb65px\u00bb module_alignment=\u00bbcenter\u00bb locked=\u00bboff\u00bb global_colors_info=\u00bb{}\u00bb][\/et_pb_image][et_pb_text _builder_version=\u00bb4.23&#8243; _module_preset=\u00bbdefault\u00bb header_2_font=\u00bb|700|on||||||\u00bb header_2_text_color=\u00bb#007B7A\u00bb text_orientation=\u00bbcenter\u00bb custom_margin=\u00bb||8px||false|false\u00bb border_width_bottom=\u00bb1px\u00bb border_color_bottom=\u00bb#CCDEEF\u00bb locked=\u00bboff\u00bb global_colors_info=\u00bb{}\u00bb]<\/p>\n<h2>Valoramos su tiempo.<\/h2>\n<p>[\/et_pb_text][et_pb_text _builder_version=\u00bb4.23&#8243; _module_preset=\u00bbdefault\u00bb text_orientation=\u00bbcenter\u00bb global_colors_info=\u00bb{}\u00bb]<\/p>\n<p>La duraci\u00f3n total del estudio de investigaci\u00f3n cl\u00ednica para los participantes, incluido el per\u00edodo de selecci\u00f3n, es de alrededor de 20\u00a0semanas e incluye 7\u00a0visitas.<\/p>\n<p>Cada participante, junto con su cuidador, pasar\u00e1 por un per\u00edodo de selecci\u00f3n de hasta 4\u00a0semanas, seguido del per\u00edodo de tratamiento de 12\u00a0meses, y finalizar\u00e1 con una visita de seguimiento en la semana\u00a016.<\/p>\n<p>[\/et_pb_text][\/et_pb_column][\/et_pb_row][\/et_pb_section][et_pb_section fb_built=\u00bb1&#8243; _builder_version=\u00bb4.24.0&#8243; _module_preset=\u00bbdefault\u00bb custom_padding=\u00bb0px||0px||true|false\u00bb hover_enabled=\u00bb0&#8243; locked=\u00bboff\u00bb global_colors_info=\u00bb{}\u00bb module_class=\u00bbcommon_questions\u00bb sticky_enabled=\u00bb0&#8243;][et_pb_row column_structure=\u00bb1_2,1_2&#8243; use_custom_gutter=\u00bbon\u00bb gutter_width=\u00bb1&#8243; make_equal=\u00bbon\u00bb module_id=\u00bbeligibility\u00bb module_class=\u00bbcustom_row\u00bb _builder_version=\u00bb4.23&#8243; _module_preset=\u00bbdefault\u00bb background_color=\u00bb#007B7A\u00bb width=\u00bb100%\u00bb max_width=\u00bb100%\u00bb custom_padding=\u00bb0px||0px||true|false\u00bb global_colors_info=\u00bb{}\u00bb][et_pb_column type=\u00bb1_2&#8243; module_class=\u00bbsecond-on-mobile\u00bb _builder_version=\u00bb4.23&#8243; _module_preset=\u00bbdefault\u00bb background_image=\u00bbhttps:\/\/agitation-study.com\/wp-content\/uploads\/2023\/10\/Agitation_Dementia_Alzheimers_Suven_Background2.png\u00bb parallax=\u00bbon\u00bb z_index=\u00bb99&#8243; custom_padding=\u00bb6vw|60px|6vw|60px|true|true\u00bb custom_padding_tablet=\u00bb60px|60px|60px|60px|true|true\u00bb custom_padding_phone=\u00bb|10vw||10vw|true|true\u00bb custom_padding_last_edited=\u00bbon|desktop\u00bb global_colors_info=\u00bb{}\u00bb][et_pb_text _builder_version=\u00bb4.23&#8243; _module_preset=\u00bbdefault\u00bb header_2_font=\u00bb|700|on||||||\u00bb header_2_text_color=\u00bb#FFFFFF\u00bb custom_margin=\u00bb||8px||false|false\u00bb text_text_shadow_style=\u00bbpreset3&#8243; border_width_bottom=\u00bb1px\u00bb border_color_bottom=\u00bb#FEA02F\u00bb locked=\u00bboff\u00bb global_colors_info=\u00bb{}\u00bb]<\/p>\n<h2>Tratamiento psicosocial breve (BPST)<\/h2>\n<p>[\/et_pb_text][et_pb_text _builder_version=\u00bb4.23&#8243; _module_preset=\u00bbdefault\u00bb text_text_color=\u00bb#FFFFFF\u00bb background_layout=\u00bbdark\u00bb custom_margin=\u00bb||30px||false|false\u00bb text_text_shadow_style=\u00bbpreset3&#8243; global_colors_info=\u00bb{}\u00bb]<\/p>\n<p>Durante el per\u00edodo de selecci\u00f3n, se invitar\u00e1 a los participantes y cuidadores a participar en un BPST antes de recibir el tratamiento en este estudio de investigaci\u00f3n cl\u00ednica.<\/p>\n<p>[\/et_pb_text][et_pb_toggle title=\u00bb\u00bfQu\u00e9 es un BPST?  \u00bb open_toggle_text_color=\u00bb#003F5A\u00bb open_toggle_background_color=\u00bb#FFFFFF\u00bb closed_toggle_background_color=\u00bb#FFFFFF\u00bb icon_color=\u00bb#FEA02F\u00bb open_icon_color=\u00bb#DC6726&#8243; _builder_version=\u00bb4.24.0&#8243; _module_preset=\u00bbdefault\u00bb title_text_color=\u00bb#003F5A\u00bb title_font=\u00bbLato|700||on|||||\u00bb title_letter_spacing=\u00bb1px\u00bb z_index=\u00bb99&#8243; custom_margin=\u00bb|-10vw|15px||false|false\u00bb custom_margin_tablet=\u00bb|0vw|15px||false|false\u00bb custom_margin_phone=\u00bb|0vw|||false|false\u00bb custom_margin_last_edited=\u00bbon|phone\u00bb hover_enabled=\u00bb0&#8243; border_radii=\u00bbon|30px|30px|30px|30px\u00bb box_shadow_style=\u00bbpreset1&#8243; global_colors_info=\u00bb{}\u00bb custom_padding=\u00bb0px||0px||true|false\u00bb sticky_enabled=\u00bb0&#8243;]<\/p>\n<p>El BPST es un programa utilizado antes de que una persona con s\u00edntomas conductuales, como agitaci\u00f3n o agresi\u00f3n, ingrese a un estudio de investigaci\u00f3n cl\u00ednica. El programa consiste en que el participante del estudio de investigaci\u00f3n cl\u00ednica y su cuidador pasen 15\u00a0minutos al d\u00eda juntos, conversando o haciendo una actividad que les agrade. El cuidador del participante recibe capacitaci\u00f3n y un plan de tratamiento breve que debe seguir todos los d\u00edas. Adem\u00e1s, recibir\u00e1 el apoyo de un terapeuta, que se comunicar\u00e1 cada varios d\u00edas para ver que todo est\u00e9 bien.<\/p>\n<p>[\/et_pb_toggle][et_pb_toggle title=\u00bb\u00bfPor qu\u00e9 es necesario el BPST?  \u00bb open_toggle_text_color=\u00bb#003F5A\u00bb open_toggle_background_color=\u00bb#FFFFFF\u00bb closed_toggle_background_color=\u00bb#FFFFFF\u00bb icon_color=\u00bb#FEA02F\u00bb open_icon_color=\u00bb#DC6726&#8243; _builder_version=\u00bb4.24.0&#8243; _module_preset=\u00bbdefault\u00bb title_text_color=\u00bb#003F5A\u00bb title_font=\u00bbLato|700||on|||||\u00bb title_letter_spacing=\u00bb1px\u00bb z_index=\u00bb99&#8243; custom_margin=\u00bb|-10vw|15px||false|false\u00bb custom_margin_tablet=\u00bb|0vw|15px||false|false\u00bb custom_margin_phone=\u00bb|0vw|||false|false\u00bb custom_margin_last_edited=\u00bbon|phone\u00bb hover_enabled=\u00bb0&#8243; border_radii=\u00bbon|30px|30px|30px|30px\u00bb box_shadow_style=\u00bbpreset1&#8243; global_colors_info=\u00bb{}\u00bb custom_padding=\u00bb0px||0px||true|false\u00bb sticky_enabled=\u00bb0&#8243;]<\/p>\n<p>El BPST ayuda a garantizar que los participantes que ingresan a la fase de tratamiento del estudio se beneficien del medicamento del estudio. Si la persona muestra una mejora en sus s\u00edntomas conductuales despu\u00e9s del BPST, es posible que el medicamento del estudio no sea necesario. Esto es importante porque el equipo del estudio no desea que los participantes tomen el medicamento del estudio si no es necesario. El BPST ayuda a brindar al equipo del estudio la confianza de que la mejora observada en el estudio de investigaci\u00f3n cl\u00ednica puede asociarse con el medicamento del estudio.<\/p>\n<p>[\/et_pb_toggle][et_pb_toggle title=\u00bb\u00bfCu\u00e1les son los beneficios del BPST?  \u00bb open_toggle_text_color=\u00bb#003F5A\u00bb open_toggle_background_color=\u00bb#FFFFFF\u00bb closed_toggle_background_color=\u00bb#FFFFFF\u00bb icon_color=\u00bb#FEA02F\u00bb open_icon_color=\u00bb#DC6726&#8243; _builder_version=\u00bb4.24.0&#8243; _module_preset=\u00bbdefault\u00bb title_text_color=\u00bb#003F5A\u00bb title_font=\u00bbLato|700||on|||||\u00bb title_letter_spacing=\u00bb1px\u00bb z_index=\u00bb99&#8243; custom_margin=\u00bb|-10vw|15px||false|false\u00bb custom_margin_tablet=\u00bb|0vw|15px||false|false\u00bb custom_margin_phone=\u00bb|0vw|||false|false\u00bb custom_margin_last_edited=\u00bbon|phone\u00bb hover_enabled=\u00bb0&#8243; border_radii=\u00bbon|30px|30px|30px|30px\u00bb box_shadow_style=\u00bbpreset1&#8243; global_colors_info=\u00bb{}\u00bb custom_padding=\u00bb0px||0px||true|false\u00bb sticky_enabled=\u00bb0&#8243;]<\/p>\n<p>El BPST deber\u00eda ser agradable para el participante y su cuidador. El programa le permite al participante y al cuidador pasar m\u00e1s tiempo juntos y les da herramientas para que usen a diario.<\/p>\n<p>[\/et_pb_toggle][\/et_pb_column][et_pb_column type=\u00bb1_2&#8243; module_class=\u00bbfirst-on-mobile\u00bb _builder_version=\u00bb4.23&#8243; _module_preset=\u00bbdefault\u00bb background_enable_image=\u00bboff\u00bb global_colors_info=\u00bb{}\u00bb][et_pb_divider show_divider=\u00bboff\u00bb _builder_version=\u00bb4.23&#8243; _module_preset=\u00bbdefault\u00bb background_image=\u00bbhttps:\/\/agitation-study.com\/wp-content\/uploads\/2023\/10\/Agitation_Dementia_Alzheimers_Suven_3.jpg\u00bb min_height=\u00bb100%\u00bb min_height_tablet=\u00bb450px\u00bb min_height_phone=\u00bb275px\u00bb min_height_last_edited=\u00bbon|phone\u00bb global_colors_info=\u00bb{}\u00bb][\/et_pb_divider][\/et_pb_column][\/et_pb_row][\/et_pb_section][et_pb_section fb_built=\u00bb1&#8243; _builder_version=\u00bb4.23&#8243; _module_preset=\u00bbdefault\u00bb custom_padding=\u00bb0px||0px||true|false\u00bb box_shadow_style=\u00bbpreset3&#8243; locked=\u00bboff\u00bb global_colors_info=\u00bb{}\u00bb][et_pb_row column_structure=\u00bb1_2,1_2&#8243; use_custom_gutter=\u00bbon\u00bb gutter_width=\u00bb1&#8243; make_equal=\u00bbon\u00bb module_id=\u00bbabout\u00bb _builder_version=\u00bb4.23&#8243; _module_preset=\u00bbdefault\u00bb background_color=\u00bb#FFFFFF\u00bb width=\u00bb100%\u00bb max_width=\u00bb100%\u00bb custom_padding=\u00bb0px||0px||true|false\u00bb global_colors_info=\u00bb{}\u00bb][et_pb_column type=\u00bb1_2&#8243; _builder_version=\u00bb4.23&#8243; _module_preset=\u00bbdefault\u00bb background_enable_image=\u00bboff\u00bb global_colors_info=\u00bb{}\u00bb][et_pb_divider show_divider=\u00bboff\u00bb _builder_version=\u00bb4.23&#8243; _module_preset=\u00bbdefault\u00bb background_image=\u00bbhttps:\/\/agitation-study.com\/wp-content\/uploads\/2023\/10\/Agitation_Dementia_Alzheimers_Suven_4.jpg\u00bb min_height=\u00bb100%\u00bb min_height_tablet=\u00bb450px\u00bb min_height_phone=\u00bb275px\u00bb min_height_last_edited=\u00bbon|phone\u00bb global_colors_info=\u00bb{}\u00bb][\/et_pb_divider][\/et_pb_column][et_pb_column type=\u00bb1_2&#8243; _builder_version=\u00bb4.23&#8243; _module_preset=\u00bbdefault\u00bb custom_padding=\u00bb8vw|60px|8vw|60px|true|true\u00bb custom_padding_tablet=\u00bb60px|60px|60px|60px|true|true\u00bb custom_padding_phone=\u00bb|10vw||10vw|true|true\u00bb custom_padding_last_edited=\u00bbon|tablet\u00bb global_colors_info=\u00bb{}\u00bb][et_pb_text _builder_version=\u00bb4.23&#8243; _module_preset=\u00bbdefault\u00bb header_2_font=\u00bb|700|on||||||\u00bb header_2_text_color=\u00bb#007B7A\u00bb custom_margin=\u00bb||8px||false|false\u00bb border_width_bottom=\u00bb1px\u00bb border_color_bottom=\u00bb#CCDEEF\u00bb locked=\u00bboff\u00bb global_colors_info=\u00bb{}\u00bb]<\/p>\n<h2>\u00bfPor qu\u00e9 deber\u00eda participar en este estudio de investigaci\u00f3n cl\u00ednica? <\/h2>\n<p>[\/et_pb_text][et_pb_text _builder_version=\u00bb4.23&#8243; _module_preset=\u00bbdefault\u00bb custom_margin=\u00bb||30px||false|false\u00bb global_colors_info=\u00bb{}\u00bb]<\/p>\n<p>Los estudios de investigaci\u00f3n cl\u00ednica buscan nuevas formas de prevenir, detectar o tratar enfermedades. Est\u00e1n dise\u00f1ados para probar la eficacia y la seguridad de medicamentos en investigaci\u00f3n para entender si estos potenciales tratamientos pueden usarse en el futuro. Aunque los participantes no se beneficien de forma directa de los resultados del estudio de investigaci\u00f3n cl\u00ednica, la informaci\u00f3n recopilada puede ayudar a otros y colaborar con el conocimiento cient\u00edfico. Las personas que participan en los estudios de investigaci\u00f3n cl\u00ednica son esenciales en el proceso de mejorar la atenci\u00f3n m\u00e9dica.<\/p>\n<p>[\/et_pb_text][et_pb_text _builder_version=\u00bb4.23&#8243; _module_preset=\u00bbdefault\u00bb global_colors_info=\u00bb{}\u00bb] <\/p>\n<h3>Si participa en este estudio de investigaci\u00f3n cl\u00ednica, usted o su ser querido pueden: <\/h3>\n<ul>\n<li>cumplir una funci\u00f3n integral en el progreso de la investigaci\u00f3n de la agitaci\u00f3n asociada con la demencia de tipo Alzheimer, <\/li>\n<li>recibir atenci\u00f3n de un m\u00e9dico local y terapias y evaluaciones relacionadas con el estudio sin costo, <\/li>\n<li>evaluar si este potencial tratamiento puede mejorar su calidad de vida o la de un ser querido.<\/li>\n<\/ul>\n<p>[\/et_pb_text][\/et_pb_column][\/et_pb_row][\/et_pb_section][et_pb_section fb_built=\u00bb1&#8243; module_id=\u00bbcommon_questions\u00bb _builder_version=\u00bb4.24.0&#8243; _module_preset=\u00bbdefault\u00bb background_color=\u00bb#003F5A\u00bb background_image=\u00bbhttps:\/\/agitation-study.com\/wp-content\/uploads\/2023\/10\/Agitation_Dementia_Alzheimers_Suven_Background3.png\u00bb background_position=\u00bbcenter_left\u00bb background_pattern_repeat_origin=\u00bbcenter\u00bb custom_padding=\u00bb60px||60px||true|false\u00bb top_divider_color=\u00bb#932580&#8243; top_divider_height=\u00bb30%\u00bb top_divider_flip=\u00bbhorizontal\u00bb hover_enabled=\u00bb0&#8243; locked=\u00bboff\u00bb global_colors_info=\u00bb{}\u00bb module_class=\u00bbcommon_questions\u00bb sticky_enabled=\u00bb0&#8243;][et_pb_row _builder_version=\u00bb4.23&#8243; _module_preset=\u00bbdefault\u00bb max_width=\u00bb850px\u00bb module_alignment=\u00bbcenter\u00bb custom_padding=\u00bb3vw||15px||false|false\u00bb locked=\u00bboff\u00bb global_colors_info=\u00bb{}\u00bb][et_pb_column type=\u00bb4_4&#8243; _builder_version=\u00bb4.23&#8243; _module_preset=\u00bbdefault\u00bb global_colors_info=\u00bb{}\u00bb][et_pb_text _builder_version=\u00bb4.23&#8243; _module_preset=\u00bbdefault\u00bb header_text_color=\u00bb#FFFFFF\u00bb header_2_font=\u00bbLato|700||on|||||\u00bb header_2_text_color=\u00bb#FFFFFF\u00bb header_2_letter_spacing=\u00bb2px\u00bb text_orientation=\u00bbcenter\u00bb background_layout=\u00bbdark\u00bb custom_margin=\u00bb||8px||false|false\u00bb text_text_shadow_style=\u00bbpreset3&#8243; border_color_bottom=\u00bb#FEA02F\u00bb locked=\u00bboff\u00bb global_colors_info=\u00bb{}\u00bb]<\/p>\n<h2>Preguntas frecuentes<\/h2>\n<p>[\/et_pb_text][et_pb_divider color=\u00bb#DC6726&#8243; divider_weight=\u00bb2px\u00bb _builder_version=\u00bb4.23&#8243; _module_preset=\u00bbdefault\u00bb width=\u00bb50px\u00bb module_alignment=\u00bbcenter\u00bb custom_margin=\u00bb||0px||false|false\u00bb global_colors_info=\u00bb{}\u00bb][\/et_pb_divider][\/et_pb_column][\/et_pb_row][et_pb_row _builder_version=\u00bb4.17.4&#8243; _module_preset=\u00bbdefault\u00bb max_width=\u00bb1000px\u00bb module_alignment=\u00bbcenter\u00bb custom_padding=\u00bb2vw||2vw||true|false\u00bb global_colors_info=\u00bb{}\u00bb][et_pb_column type=\u00bb4_4&#8243; _builder_version=\u00bb4.17.4&#8243; _module_preset=\u00bbdefault\u00bb global_colors_info=\u00bb{}\u00bb][et_pb_toggle title=\u00bb\u00bfQu\u00e9 es un estudio de investigaci\u00f3n cl\u00ednica?\u00bb open_toggle_text_color=\u00bb#003F5A\u00bb open_toggle_background_color=\u00bb#fcfcfc\u00bb closed_toggle_background_color=\u00bb#FFFFFF\u00bb icon_color=\u00bb#FEA02F\u00bb open_icon_color=\u00bb#DC6726&#8243; _builder_version=\u00bb4.24.0&#8243; _module_preset=\u00bbdefault\u00bb title_text_color=\u00bb#003F5A\u00bb title_font=\u00bbLato|600|||||||\u00bb title_font_size=\u00bb18px\u00bb z_index=\u00bb99&#8243; custom_margin=\u00bb||15px||false|false\u00bb custom_padding=\u00bb0px||0px||true|false\u00bb hover_enabled=\u00bb0&#8243; border_radii=\u00bbon|30px|30px|30px|30px\u00bb border_width_all=\u00bb0px\u00bb border_color_all=\u00bb#1971B9&#8243; border_style_all=\u00bbnone\u00bb box_shadow_style=\u00bbpreset1&#8243; global_colors_info=\u00bb{}\u00bb closed_toggle_background_color__hover_enabled=\u00bbon|hover\u00bb closed_toggle_background_color__hover=\u00bb#fcfcfc\u00bb sticky_enabled=\u00bb0&#8243;]<\/p>\n<p>Un estudio de investigaci\u00f3n cl\u00ednica se lleva a cabo para obtener m\u00e1s informaci\u00f3n sobre c\u00f3mo responde el cuerpo humano a un medicamento en estudio. Los participantes tienen una funci\u00f3n muy importante en el avance de la medicina para las generaciones actuales y futuras. Aunque no se beneficie directamente con su participaci\u00f3n en este estudio de investigaci\u00f3n cl\u00ednica, toda informaci\u00f3n que se obtenga puede ayudar a otras personas con agitaci\u00f3n asociada con la demencia de tipo Alzheimer en el futuro.<\/p>\n<p>[\/et_pb_toggle][et_pb_toggle title=\u00bb\u00bfQu\u00e9 es un medicamento de un estudio de investigaci\u00f3n? \u00bb open_toggle_text_color=\u00bb#003F5A\u00bb open_toggle_background_color=\u00bb#fcfcfc\u00bb closed_toggle_background_color=\u00bb#FFFFFF\u00bb icon_color=\u00bb#FEA02F\u00bb open_icon_color=\u00bb#DC6726&#8243; _builder_version=\u00bb4.24.0&#8243; _module_preset=\u00bbdefault\u00bb title_text_color=\u00bb#003F5A\u00bb title_font=\u00bbLato|600|||||||\u00bb title_font_size=\u00bb18px\u00bb z_index=\u00bb99&#8243; custom_margin=\u00bb||15px||false|false\u00bb custom_padding=\u00bb0px||0px||true|false\u00bb hover_enabled=\u00bb0&#8243; border_radii=\u00bbon|30px|30px|30px|30px\u00bb border_width_all=\u00bb0px\u00bb border_color_all=\u00bb#1971B9&#8243; border_style_all=\u00bbnone\u00bb box_shadow_style=\u00bbpreset1&#8243; global_colors_info=\u00bb{}\u00bb closed_toggle_background_color__hover_enabled=\u00bbon|hover\u00bb closed_toggle_background_color__hover=\u00bb#fcfcfc\u00bb sticky_enabled=\u00bb0&#8243;]<\/p>\n<p>Un medicamento de un estudio de investigaci\u00f3n no ha recibido la aprobaci\u00f3n por parte de autoridades sanitarias para su comercializaci\u00f3n y venta, pero se puede administrar a participantes con fines de investigaci\u00f3n.<\/p>\n<p>[\/et_pb_toggle][et_pb_toggle title=\u00bb\u00bfSe proporcionar\u00e1 una compensaci\u00f3n a los participantes?  \u00bb open_toggle_text_color=\u00bb#003F5A\u00bb open_toggle_background_color=\u00bb#fcfcfc\u00bb closed_toggle_background_color=\u00bb#FFFFFF\u00bb icon_color=\u00bb#FEA02F\u00bb open_icon_color=\u00bb#DC6726&#8243; _builder_version=\u00bb4.24.0&#8243; _module_preset=\u00bbdefault\u00bb title_text_color=\u00bb#003F5A\u00bb title_font=\u00bbLato|600|||||||\u00bb title_font_size=\u00bb18px\u00bb z_index=\u00bb99&#8243; custom_margin=\u00bb||15px||false|false\u00bb custom_padding=\u00bb0px||0px||true|false\u00bb hover_enabled=\u00bb0&#8243; border_radii=\u00bbon|30px|30px|30px|30px\u00bb border_width_all=\u00bb0px\u00bb border_color_all=\u00bb#1971B9&#8243; border_style_all=\u00bbnone\u00bb box_shadow_style=\u00bbpreset1&#8243; global_colors_info=\u00bb{}\u00bb closed_toggle_background_color__hover_enabled=\u00bbon|hover\u00bb closed_toggle_background_color__hover=\u00bb#fcfcfc\u00bb sticky_enabled=\u00bb0&#8243;]<\/p>\n<p>Las terapias y evaluaciones relacionadas con el estudio se proporcionar\u00e1n sin costo. A los participantes del estudio no se les pagar\u00e1 por participar en este estudio de investigaci\u00f3n cl\u00ednica. No obstante, es posible que se reembolsen los gastos relacionados con el estudio, como gastos de viaje, comidas, hotel y estacionamiento.<\/p>\n<p>[\/et_pb_toggle][et_pb_toggle title=\u00bb\u00bfCu\u00e1les son mis derechos como participante y qu\u00e9 suceder\u00e1 si decido no participar? \u00bb open_toggle_text_color=\u00bb#003F5A\u00bb open_toggle_background_color=\u00bb#fcfcfc\u00bb closed_toggle_background_color=\u00bb#FFFFFF\u00bb icon_color=\u00bb#FEA02F\u00bb open_icon_color=\u00bb#DC6726&#8243; _builder_version=\u00bb4.24.0&#8243; _module_preset=\u00bbdefault\u00bb title_text_color=\u00bb#003F5A\u00bb title_font=\u00bbLato|600|||||||\u00bb title_font_size=\u00bb18px\u00bb z_index=\u00bb99&#8243; custom_margin=\u00bb||15px||false|false\u00bb custom_padding=\u00bb0px||0px||true|false\u00bb hover_enabled=\u00bb0&#8243; border_radii=\u00bbon|30px|30px|30px|30px\u00bb border_width_all=\u00bb0px\u00bb border_color_all=\u00bb#1971B9&#8243; border_style_all=\u00bbnone\u00bb box_shadow_style=\u00bbpreset1&#8243; global_colors_info=\u00bb{}\u00bb closed_toggle_background_color__hover_enabled=\u00bbon|hover\u00bb closed_toggle_background_color__hover=\u00bb#fcfcfc\u00bb sticky_enabled=\u00bb0&#8243;]<\/p>\n<p>La participaci\u00f3n en este estudio de investigaci\u00f3n cl\u00ednica es totalmente voluntaria. Los participantes pueden retirarse del estudio de investigaci\u00f3n cl\u00ednica en cualquier momento. La decisi\u00f3n de participar o no en el estudio de investigaci\u00f3n cl\u00ednica no afectar\u00e1 su atenci\u00f3n actual o futura en el centro. Consulte a su m\u00e9dico del estudio si est\u00e1 pensando en dejar de participar o decide dejar de participar.<\/p>\n<p>[\/et_pb_toggle][et_pb_toggle title=\u00bb\u00bfC\u00f3mo puedo obtener m\u00e1s informaci\u00f3n sobre el medicamento del estudio, Masupirdine (SUVN-502), y este estudio de investigaci\u00f3n cl\u00ednica? \u00bb open_toggle_text_color=\u00bb#003F5A\u00bb open_toggle_background_color=\u00bb#fcfcfc\u00bb closed_toggle_background_color=\u00bb#FFFFFF\u00bb icon_color=\u00bb#FEA02F\u00bb open_icon_color=\u00bb#DC6726&#8243; _builder_version=\u00bb4.24.0&#8243; _module_preset=\u00bbdefault\u00bb title_text_color=\u00bb#003F5A\u00bb title_font=\u00bbLato|600|||||||\u00bb title_font_size=\u00bb18px\u00bb z_index=\u00bb99&#8243; custom_margin=\u00bb||15px||false|false\u00bb custom_padding=\u00bb0px||0px||true|false\u00bb hover_enabled=\u00bb0&#8243; border_radii=\u00bbon|30px|30px|30px|30px\u00bb border_width_all=\u00bb0px\u00bb border_color_all=\u00bb#1971B9&#8243; border_style_all=\u00bbnone\u00bb box_shadow_style=\u00bbpreset1&#8243; global_colors_info=\u00bb{}\u00bb closed_toggle_background_color__hover_enabled=\u00bbon|hover\u00bb closed_toggle_background_color__hover=\u00bb#fcfcfc\u00bb sticky_enabled=\u00bb0&#8243;]<\/p>\n<p>Para obtener m\u00e1s informaci\u00f3n sobre el Masupirdine (SUVN-502) y este estudio de investigaci\u00f3n cl\u00ednica, visite <a href=\"https:\/\/www.clinicaltrials.gov\/study\/NCT05397639?cond=Masupirdine&amp;rank=1\" target=\"_blank\" rel=\"noopener\">clinicaltrials.gov<\/a> para residentes de los Estados Unidos, o <a href=\"https:\/\/www.clinicaltrialsregister.eu\/ctr-search\/trial\/2021-003405-22\/PL\" target=\"_blank\" rel=\"noopener\">clinicaltrialsregister.eu<\/a> para residentes de Polonia.<\/p>\n<p>[\/et_pb_toggle][\/et_pb_column][\/et_pb_row][\/et_pb_section][et_pb_section fb_built=\u00bb1&#8243; module_id=\u00bblocations\u00bb _builder_version=\u00bb4.23&#8243; _module_preset=\u00bbdefault\u00bb background_enable_color=\u00bboff\u00bb background_enable_image=\u00bboff\u00bb custom_padding=\u00bb60px||60px||true|false\u00bb box_shadow_style=\u00bbpreset1&#8243; locked=\u00bboff\u00bb global_colors_info=\u00bb{}\u00bb][et_pb_row _builder_version=\u00bb4.23&#8243; _module_preset=\u00bbdefault\u00bb max_width=\u00bb850px\u00bb module_alignment=\u00bbcenter\u00bb custom_padding=\u00bb5vw||15px||false|false\u00bb locked=\u00bboff\u00bb global_colors_info=\u00bb{}\u00bb][et_pb_column type=\u00bb4_4&#8243; _builder_version=\u00bb4.23&#8243; _module_preset=\u00bbdefault\u00bb global_colors_info=\u00bb{}\u00bb][et_pb_text _builder_version=\u00bb4.23&#8243; _module_preset=\u00bbdefault\u00bb header_text_color=\u00bb#FFFFFF\u00bb header_2_font=\u00bbLato|700||on|||||\u00bb header_2_text_color=\u00bb#007B7A\u00bb header_2_letter_spacing=\u00bb2px\u00bb text_orientation=\u00bbcenter\u00bb background_layout=\u00bbdark\u00bb custom_margin=\u00bb||8px||false|false\u00bb border_color_bottom=\u00bb#FEA02F\u00bb locked=\u00bboff\u00bb global_colors_info=\u00bb{}\u00bb]<\/p>\n<h2>Centros del estudio de investigaci\u00f3n cl\u00ednica<\/h2>\n<p>[\/et_pb_text][et_pb_divider color=\u00bb#FEA02F\u00bb divider_weight=\u00bb2px\u00bb _builder_version=\u00bb4.23&#8243; _module_preset=\u00bbdefault\u00bb width=\u00bb50px\u00bb module_alignment=\u00bbcenter\u00bb custom_margin=\u00bb||0px||false|false\u00bb global_colors_info=\u00bb{}\u00bb][\/et_pb_divider][et_pb_text _builder_version=\u00bb4.23&#8243; _module_preset=\u00bbdefault\u00bb link_font=\u00bb|600|||||||\u00bb background_enable_color=\u00bboff\u00bb text_orientation=\u00bbcenter\u00bb module_alignment=\u00bbcenter\u00bb locked=\u00bboff\u00bb global_colors_info=\u00bb{}\u00bb]A continuaci\u00f3n, se enumeran los centros del estudio de investigaci\u00f3n cl\u00ednica actuales y se pueden agregan m\u00e1s en cualquier momento. Si le interesa participar en este estudio de investigaci\u00f3n cl\u00ednica, comun\u00edquese con el centro del estudio m\u00e1s cercano para obtener m\u00e1s informaci\u00f3n. Se podr\u00edan reembolsar los gastos relacionados con el estudio, como los gastos de viaje.<\/p>\n<p>Ingrese su c\u00f3digo postal, ciudad o estado en el campo <span style=\"color:#003f5a;font-weight:600;\">\u201cYour location\u201d<\/span> (Su ubicaci\u00f3n) que aparece abajo para encontrar el centro del estudio m\u00e1s cercano.[\/et_pb_text][\/et_pb_column][\/et_pb_row][et_pb_row _builder_version=\u00bb4.18.0&#8243; _module_preset=\u00bbdefault\u00bb custom_margin=\u00bb||||false|false\u00bb custom_padding=\u00bb2vw||2vw||true|false\u00bb global_colors_info=\u00bb{}\u00bb][et_pb_column type=\u00bb4_4&#8243; _builder_version=\u00bb4.17.4&#8243; _module_preset=\u00bbdefault\u00bb global_colors_info=\u00bb{}\u00bb][et_pb_code disabled_on=\u00bboff|off|off\u00bb _builder_version=\u00bb4.23&#8243; _module_preset=\u00bbdefault\u00bb background_color=\u00bb#FFFFFF\u00bb text_orientation=\u00bbleft\u00bb border_radii=\u00bbon|30px|30px|30px|30px\u00bb box_shadow_style=\u00bbpreset1&#8243; global_colors_info=\u00bb{}\u00bb]<style>\r\n\t#wpsl-stores .wpsl-store-thumb {height:45px !important; width:45px !important;}\r\n\t#wpsl-stores, #wpsl-direction-details, #wpsl-gmap {height:500px !important;}\r\n\t#wpsl-gmap .wpsl-info-window {max-width:225px !important;}\r\n\t.wpsl-input label, #wpsl-radius label, #wpsl-category label {width:95px;}\r\n\t#wpsl-search-input  {width:179px;}\r\n<\/style>\r\n<div id=\"wpsl-wrap\">\r\n\t<div class=\"wpsl-search wpsl-clearfix \">\r\n\t\t<div id=\"wpsl-search-wrap\">\r\n\t\t\t<form autocomplete=\"off\">\r\n\t\t\t<div class=\"wpsl-input\">\r\n\t\t\t\t<div><label for=\"wpsl-search-input\">Your location<\/label><\/div>\r\n\t\t\t\t<input id=\"wpsl-search-input\" type=\"text\" value=\"\" name=\"wpsl-search-input\" placeholder=\"\" aria-required=\"true\" \/>\r\n\t\t\t<\/div>\r\n\t\t\t<div class=\"wpsl-select-wrap\">\r\n\t\t\t\t<div id=\"wpsl-radius\">\r\n\t\t\t\t\t<label for=\"wpsl-radius-dropdown\">Search radius<\/label>\r\n\t\t\t\t\t<select id=\"wpsl-radius-dropdown\" class=\"wpsl-dropdown\" name=\"wpsl-radius\">\r\n\t\t\t\t\t\t<option value=\"10\">10 mi<\/option><option value=\"25\">25 mi<\/option><option selected=\"selected\" value=\"50\">50 mi<\/option><option value=\"100\">100 mi<\/option><option value=\"200\">200 mi<\/option><option value=\"500\">500 mi<\/option>\r\n\t\t\t\t\t<\/select>\r\n\t\t\t\t<\/div>\r\n\t\t\t<\/div>\r\n\t\t\t\t<div class=\"wpsl-search-btn-wrap\"><input id=\"wpsl-search-btn\" type=\"submit\" value=\"Search\"><\/div>\r\n\t\t<\/form>\r\n\t\t<\/div>\r\n\t<\/div>\r\n\t<div id=\"wpsl-gmap\" class=\"wpsl-gmap-canvas\"><\/div>\r\n\t<div id=\"wpsl-result-list\">\r\n\t\t<div id=\"wpsl-stores\" >\r\n\t\t\t<ul><\/ul>\r\n\t\t<\/div>\r\n\t\t<div id=\"wpsl-direction-details\">\r\n\t\t\t<ul><\/ul>\r\n\t\t<\/div>\r\n\t<\/div>\r\n<\/div>\r\n[\/et_pb_code][\/et_pb_column][\/et_pb_row][\/et_pb_section][et_pb_section fb_built=\u00bb1&#8243; _builder_version=\u00bb4.23&#8243; _module_preset=\u00bbdefault\u00bb background_color=\u00bb#003F5A\u00bb use_background_color_gradient=\u00bbon\u00bb background_color_gradient_stops=\u00bbrgba(0,63,90,0.94) 100%|rgba(255,255,255,0) 100%\u00bb background_color_gradient_overlays_image=\u00bbon\u00bb background_image=\u00bbhttps:\/\/agitation-study.com\/wp-content\/uploads\/2023\/10\/Agitation_Dementia_Alzheimers_Suven_6.jpg\u00bb background_position=\u00bbtop_center\u00bb background_vertical_offset=\u00bb25%\u00bb custom_padding=\u00bb60px||60px||true|false\u00bb bottom_divider_flip=\u00bbhorizontal\u00bb locked=\u00bboff\u00bb global_colors_info=\u00bb{}\u00bb][et_pb_row _builder_version=\u00bb4.23&#8243; _module_preset=\u00bbdefault\u00bb max_width=\u00bb885px\u00bb module_alignment=\u00bbcenter\u00bb custom_margin=\u00bb||||false|false\u00bb custom_padding=\u00bb2vw||2vw||true|false\u00bb global_colors_info=\u00bb{}\u00bb][et_pb_column type=\u00bb4_4&#8243; _builder_version=\u00bb4.17.4&#8243; _module_preset=\u00bbdefault\u00bb global_colors_info=\u00bb{}\u00bb][et_pb_text _builder_version=\u00bb4.23.1&#8243; _module_preset=\u00bbdefault\u00bb text_text_color=\u00bb#FFFFFF\u00bb text_font_size=\u00bb18px\u00bb link_font=\u00bb|600|||on|||#FEA02F|\u00bb link_text_color=\u00bb#FFFFFF\u00bb header_3_font=\u00bbLato||on||||||\u00bb header_3_text_color=\u00bb#FFFFFF\u00bb header_3_font_size=\u00bb26px\u00bb header_3_letter_spacing=\u00bb1px\u00bb header_3_line_height=\u00bb1.25em\u00bb text_orientation=\u00bbcenter\u00bb custom_margin=\u00bb||0px||false|false\u00bb header_2_font_size_tablet=\u00bb30px\u00bb header_2_font_size_phone=\u00bb28px\u00bb header_2_font_size_last_edited=\u00bbon|phone\u00bb header_3_font_size_tablet=\u00bb26px\u00bb header_3_font_size_phone=\u00bb24px\u00bb header_3_font_size_last_edited=\u00bbon|phone\u00bb text_text_shadow_style=\u00bbpreset3&#8243; locked=\u00bboff\u00bb global_colors_info=\u00bb{}\u00bb link_text_color__hover_enabled=\u00bbon|hover\u00bb link_text_color__hover=\u00bb#E5E5E5&#8243;]<\/p>\n<h3>Ayude a concientizar sobre la agitaci\u00f3n asociada con la enfermedad de Alzheimer y este estudio de investigaci\u00f3n cl\u00ednica al compartir esta informaci\u00f3n con otras personas.<\/h3>\n<p>Para compartir la informaci\u00f3n sobre este estudio por correo electr\u00f3nico, <a href=\"mailto:email@email.com?subject=Un%20estudio%20de%20investigaci\u00f3n%20cl\u00ednica%20que%20podr\u00eda%20interesarle&amp;body=Hola.%20Encontr\u00e9%20este%20sitio%20web%20con%20informaci\u00f3n%20sobre%20un%20estudio%20de%20investigaci\u00f3n%20cl\u00ednica%20sobre%20la%20agitaci\u00f3n%20asociada%20con%20la%20demencia%20de%20tipo%20Alzheimer.%20Pens\u00e9%20que%20podr\u00eda%20interesarle.%0A%0Ahttps%3A\/\/agitation-study.com\">haga clic aqu\u00ed<\/a>.[\/et_pb_text][et_pb_social_media_follow icon_color=\u00bb#FFFFFF\u00bb use_icon_font_size=\u00bbon\u00bb icon_font_size=\u00bb22px\u00bb _builder_version=\u00bb4.23.1&#8243; _module_preset=\u00bbdefault\u00bb text_orientation=\u00bbcenter\u00bb custom_margin=\u00bb30px||||false|false\u00bb border_radii=\u00bbon|50%|50%|50%|50%\u00bb box_shadow_style=\u00bbpreset1&#8243; box_shadow_vertical=\u00bb0px\u00bb box_shadow_blur=\u00bb5px\u00bb global_colors_info=\u00bb{}\u00bb][et_pb_social_media_follow_network social_network=\u00bbfacebook\u00bb url=\u00bbhttps:\/\/www.facebook.com\/sharer\/sharer.php?u=https:\/\/agitation-study.com\u00bb _builder_version=\u00bb4.23&#8243; _module_preset=\u00bbdefault\u00bb background_color=\u00bb#DC6726&#8243; background_enable_color=\u00bbon\u00bb global_colors_info=\u00bb{}\u00bb background__hover_enabled=\u00bbon|hover\u00bb background_color__hover=\u00bb#FEA02F\u00bb background_enable_color__hover=\u00bbon\u00bb follow_button=\u00bboff\u00bb url_new_window=\u00bbon\u00bb]facebook[\/et_pb_social_media_follow_network][et_pb_social_media_follow_network social_network=\u00bbtwitter\u00bb url=\u00bbhttps:\/\/twitter.com\/intent\/tweet?url=https:\/\/agitation-study.com&#038;text=\u00bb _builder_version=\u00bb4.23&#8243; _module_preset=\u00bbdefault\u00bb background_color=\u00bb#DC6726&#8243; background_enable_color=\u00bbon\u00bb global_colors_info=\u00bb{}\u00bb background_enable_color__hover=\u00bbon\u00bb background__hover_enabled=\u00bbon|hover\u00bb background_color__hover=\u00bb#FEA02F\u00bb follow_button=\u00bboff\u00bb url_new_window=\u00bbon\u00bb]twitter[\/et_pb_social_media_follow_network][et_pb_social_media_follow_network social_network=\u00bblinkedin\u00bb url=\u00bbhttps:\/\/www.linkedin.com\/shareArticle?mini=true&#038;url=https:\/\/agitation-study.com\u00bb _builder_version=\u00bb4.23&#8243; _module_preset=\u00bbdefault\u00bb background_color=\u00bb#DC6726&#8243; background_enable_color=\u00bbon\u00bb global_colors_info=\u00bb{}\u00bb background_enable_color__hover=\u00bbon\u00bb background__hover_enabled=\u00bbon|hover\u00bb background_color__hover=\u00bb#FEA02F\u00bb follow_button=\u00bboff\u00bb url_new_window=\u00bbon\u00bb]linkedin[\/et_pb_social_media_follow_network][et_pb_social_media_follow_network social_network=\u00bbrss\u00bb url=\u00bbmailto:email@email.com?subject=Un%20estudio%20de%20investigaci\u00f3n%20cl\u00ednica%20que%20podr\u00eda%20interesarle&#038;body=Hola.%20Encontr\u00e9%20este%20sitio%20web%20con%20informaci\u00f3n%20sobre%20un%20estudio%20de%20investigaci\u00f3n%20cl\u00ednica%20sobre%20la%20agitaci\u00f3n%20asociada%20con%20la%20demencia%20de%20tipo%20Alzheimer.%20Pens\u00e9%20que%20podr\u00eda%20interesarle.%0A%0Ahttps%3A\/\/agitation-study.com\u00bb _builder_version=\u00bb4.23.1&#8243; _module_preset=\u00bbdefault\u00bb background_color=\u00bb#DC6726&#8243; background_enable_color=\u00bbon\u00bb global_colors_info=\u00bb{}\u00bb background_enable_color__hover=\u00bbon\u00bb background__hover_enabled=\u00bbon|hover\u00bb background_color__hover=\u00bb#FEA02F\u00bb follow_button=\u00bboff\u00bb url_new_window=\u00bbon\u00bb]rss[\/et_pb_social_media_follow_network][\/et_pb_social_media_follow][\/et_pb_column][\/et_pb_row][\/et_pb_section][et_pb_section fb_built=\u00bb1&#8243; _builder_version=\u00bb4.23&#8243; _module_preset=\u00bbdefault\u00bb background_color=\u00bb#007B7A\u00bb background_image=\u00bbhttps:\/\/agitation-study.com\/wp-content\/uploads\/2023\/10\/Agitation_Dementia_Alzheimers_Suven_Background2.png\u00bb parallax=\u00bbon\u00bb custom_padding=\u00bb30px||30px||true|false\u00bb global_colors_info=\u00bb{}\u00bb][et_pb_row _builder_version=\u00bb4.23&#8243; _module_preset=\u00bbdefault\u00bb custom_padding=\u00bb2vw||2vw||true|false\u00bb global_colors_info=\u00bb{}\u00bb][et_pb_column type=\u00bb4_4&#8243; _builder_version=\u00bb4.23&#8243; _module_preset=\u00bbdefault\u00bb global_colors_info=\u00bb{}\u00bb][et_pb_text _builder_version=\u00bb4.23&#8243; _module_preset=\u00bbdefault\u00bb text_text_color=\u00bb#FFFFFF\u00bb text_font_size=\u00bb16px\u00bb link_font=\u00bb|600|||on|||#FEA02F|\u00bb link_text_color=\u00bb#FFFFFF\u00bb header_3_font=\u00bbLato|600|on||||||\u00bb header_3_text_color=\u00bb#FFFFFF\u00bb header_3_font_size=\u00bb26px\u00bb header_3_letter_spacing=\u00bb1px\u00bb header_3_line_height=\u00bb1.25em\u00bb header_4_font=\u00bb||on||||||\u00bb header_4_font_size=\u00bb22px\u00bb text_orientation=\u00bbcenter\u00bb background_layout=\u00bbdark\u00bb custom_margin=\u00bb||0px||false|false\u00bb header_2_font_size_tablet=\u00bb30px\u00bb header_2_font_size_phone=\u00bb28px\u00bb header_2_font_size_last_edited=\u00bbon|phone\u00bb header_3_font_size_tablet=\u00bb26px\u00bb header_3_font_size_phone=\u00bb24px\u00bb header_3_font_size_last_edited=\u00bbon|phone\u00bb text_text_shadow_style=\u00bbpreset3&#8243; locked=\u00bboff\u00bb global_colors_info=\u00bb{}\u00bb link_text_color__hover_enabled=\u00bbon|hover\u00bb link_text_color__hover=\u00bb#E5E5E5&#8243;]<\/p>\n<h4>\u00bfUsted es un m\u00e9dico que desea derivar a un paciente?<\/h4>\n<p>Comun\u00edquese <a href=\"#locations\">con un representante del estudio<\/a> para obtener m\u00e1s informaci\u00f3n.<\/p>\n<p>[\/et_pb_text][\/et_pb_column][\/et_pb_row][\/et_pb_section]<\/p>\n","protected":false},"excerpt":{"rendered":"<p>Los cambios conductuales son algunos de los s\u00edntomas m\u00e1s dif\u00edciles de afrontar de la enfermedad de Alzheimer.Si usted o un ser querido experimentan agitaci\u00f3n asociada con la demencia de tipo Alzheimer, podr\u00eda ser adecuado participar en un estudio de investigaci\u00f3n cl\u00ednica.Los m\u00e9dicos est\u00e1n estudiando un tratamiento en fase de investigaci\u00f3n para la agitaci\u00f3n en participantes [&hellip;]<\/p>\n","protected":false},"author":3,"featured_media":291,"parent":0,"menu_order":0,"comment_status":"closed","ping_status":"closed","template":"","meta":{"_et_pb_use_builder":"on","_et_pb_old_content":"","_et_gb_content_width":"","footnotes":""},"class_list":["post-391","page","type-page","status-publish","has-post-thumbnail","hentry"],"_links":{"self":[{"href":"https:\/\/agitation-study.com\/es\/wp-json\/wp\/v2\/pages\/391","targetHints":{"allow":["GET"]}}],"collection":[{"href":"https:\/\/agitation-study.com\/es\/wp-json\/wp\/v2\/pages"}],"about":[{"href":"https:\/\/agitation-study.com\/es\/wp-json\/wp\/v2\/types\/page"}],"author":[{"embeddable":true,"href":"https:\/\/agitation-study.com\/es\/wp-json\/wp\/v2\/users\/3"}],"replies":[{"embeddable":true,"href":"https:\/\/agitation-study.com\/es\/wp-json\/wp\/v2\/comments?post=391"}],"version-history":[{"count":0,"href":"https:\/\/agitation-study.com\/es\/wp-json\/wp\/v2\/pages\/391\/revisions"}],"wp:featuredmedia":[{"embeddable":true,"href":"https:\/\/agitation-study.com\/es\/wp-json\/wp\/v2\/media\/291"}],"wp:attachment":[{"href":"https:\/\/agitation-study.com\/es\/wp-json\/wp\/v2\/media?parent=391"}],"curies":[{"name":"wp","href":"https:\/\/api.w.org\/{rel}","templated":true}]}}